{"id":1161,"date":"2026-02-21T13:46:49","date_gmt":"2026-02-21T13:46:49","guid":{"rendered":"https:\/\/asicasa-design.ro\/?post_type=product&#038;p=1161"},"modified":"2026-02-21T13:50:22","modified_gmt":"2026-02-21T13:50:22","slug":"dyo-parketex-15l-glanzparkettlack","status":"publish","type":"product","link":"https:\/\/asicasa-design.ro\/de\/produktiv\/dyo-parketex-15l-glanzparkettlack\/","title":{"rendered":"Dyo Parketex Glanzparkettlack 15 l"},"content":{"rendered":"<div class=\"wpb-content-wrapper\"><div class=\"vc_row wpb_row vc_row-fluid\"><div class=\"wpb_column vc_column_container vc_col-sm-12\"><div class=\"vc_column-inner\"><div class=\"wpb_wrapper\">\t\t<div id=\"wd-68b6df714a147\" class=\"wd-image wd-wpb wd-rs-68b6df714a147 text-left\">\n\t\t\t\n\t\t\t<img loading=\"lazy\" decoding=\"async\" width=\"680\" height=\"280\" src=\"data:image\/png;base64,iVBORw0KGgoAAAANSUhEUgAAABkAAAAKCAMAAAB2dQVkAAAAIGNIUk0AAHomAACAhAAA+gAAAIDoAAB1MAAA6mAAADqYAAAXcJy6UTwAAAKOUExURYCiqp+4vLvQzpmytpjAyKTY4qnW39\/Atu24qaqBeIpiXYJqZGlaVpV9dNyPcvqoQf6\/Rvu4QZWOZh2NoxqDmClOWRQgJwogKjBbbKvY363d4qnZ4Kvc47za3cbZ27zMzbO+vq61s5+fnrGgmeCUd\/qmPf26QOScQEeLkRiVrRqHnjRWYi84PTRCSll3hJ\/X4Z\/Q2KLZ4qXb4rDd4rfg5r7j58Xm6svp7M7o7NLk5eC1nvqrOLZ7UiCUqhqaszWTqFRtd1JbYUdYYlt8iS6juDOouzipukeot22hqoufnKmgjsmjfdmuhNnApNnWx93EsfeiPfSNL492aBqctD2nvV+nt2yHj3ORmXmep3edpxd+mBeAmCN8j5pUTs5QMd1XKeReJupkJu5rKe56OOeKVPWZN\/F3Kod8dlO1yInL157ByKnU26zV3KPFzRqDnCZ8kaQ0O84lJ9YnJ94pJ+UqJ+ouJu4+JfWBLvqhNPFwKbiQhaXW3bHY3rfY3sDZ3r7X3Sh0iC99kDSGmTKFmCyNoxmQqSWInaY2PtEiKNoiKeIhKOgiJ+wsJfFUKPqXMPueMvJvKdKUhMHY3sHU2cPAwsijoc6JfgweNDBHVUx2gi6HmxOasyGRp6o4QcwrLaEzLZgwKqY9NK1FN8RiO\/KRM\/ubMPF5Ls2pnsLV2sazsc5zatNJPNc+K9o\/KAQcNi5HWFB+i056iA+jvq46RMQxM0YeGw0HBikdGjEXGHhANumLNe91LsmxpsTExcx\/c9NLONdCKtpJKt9NKOFPJzFMXVSBjzGSpRipwLQ8Rcg0NkojIAoGBi0jISwWF3hCOvaMLuxZK9aLdbJuWG01J3c+L4NNQaZkTM5gNtxcLv\/\/\/+pckkIAAAABYktHRNl3Cnc4AAAACXBIWXMAAA7DAAAOwwHHb6hkAAAAB3RJTUUH6QkCDBA1T+1lBgAAAyl6VFh0UmF3IHByb2ZpbGUgdHlwZSB4bXAAAEjHrVZd0pswDHzXKXoEWxISHIeAeetMH3v87prkA1q+9GcaJiQgWVpJK9ny\/es3+YJPrVOILbblmCVqWDxiSNcSGkNkTNFs1Wzb4\/HYNPF+CuebIW3w1YqvWdygO8YkPuacWDhYzt4GD\/zCoBkWadpmrcy25GhzjoGFsdJZVC18jiVaGmVCD0DjsRGHzbvgQx1InqYUOmHzoO4eP5mBTCCkqTEdV7EZS7fsH20JLW2xQTF1s2oTL\/wrprgr7uvuQFdJS+SC3nPUlR4g7yjKrOVAAhhIDQLXmLJAf0IMDcieckFYCp8IhMg0ufwK3GtHCwOhv6LvrltUOZRo7OmnoYJbrFBD9qCIsLRZeWWMrmy5OJjFu+pLfA5mQGGzHpKzDGinIyySRxANFgyeiBxVI0u0Z4PhKpANB4qXuSsWZ94G5AgBDSBaQ5ZRDRsUVENt1v606Ha37Fj1ciG3PgZw3Z08bnhOlAMExlVA0jWqjdZLbg5KBP+FilGJKAyvalequBgmwrrFdHJzhCw3eOBiVzMa4jdwn2CeCBL\/BrgrVxdyXfouqehDFAARjh+laQdiea94Lr1u5+KfCUOJ3HHmJi8ntp1NHo0j5875+w47Gkw+6zAo2s1cKJ2myzETqIc7CLmAWJg+nAAfXVWvXdWNzsSD73LO3YGdvbakv+2ojrM\/1WiRxNlHDrkN7qFAsCD0jAdD9NZ\/K7nLfOCXHRfIksLBChf189rJpQYXdJTcB3VXN7nW49\/rJp9PRlDS7yb6aya+Nox9DArn4L7kWTG7VuxpjgOXE3Rk2a35uNhj4STDxJ+IUDzxKuKBsiRJ0OO\/Xfw5qxm0\/A9WM3y5zU7fU\/80Oz05I0dtud8lnubOwxVhcUbgWpAnI0HBM2zfOgpHPfjKMLRTD1zuHtFp2Jyrg8VWYWw2ZMwxQZX9xjRjl8OuUd0xT1NwYKCi+8MrzyEwx0ZA3K4vpXj45OZjhLNl2Bo8Tiz7FmArSyC\/C+B9rY5SCU8ah9p+1tjPH0zhz4eZXXJzosIYafvhCdnppyH5Ae08NdiDnWlfAAABD0lEQVQY0wEEAfv+AAABAgMEBQYHCAkKCwwNDg8QERITFBUWFxgABhkaBhscGh0eHyAhIiMkJSYnKCkqKywtLgAvMDExMTIcMzQ1Njc4OTolOzw9Pj9AQUJDAEREREVFRkdISUpLTE1OT1BRUlNUVVZXWFkAWltbW1tbXF1eX2BhYmNkZWZnaGkwamtsbQAqbm5uFCpvcHFyc3R1dnd4eXp7fH1+f39\/AICBgoOEhYaHiImKi4yNjo+QkX4dkpOUlZYAl5iZmZqbnJ2en6ChoqOkpaankqipqqusrQCur7CxhLI+s7S1tre4ubqlu7y9vr\/AwcLDAK7ExbHGxz\/IycrLzM3Ous\/Q0dLT1NXW19gKVGaGp\/C0LAAAACV0RVh0ZGF0ZTpjcmVhdGUAMjAyNS0wOS0wMlQxMjoxNjozNCswMDowMFX18cYAAAAldEVYdGRhdGU6bW9kaWZ5ADIwMjUtMDktMDJUMTI6MTY6MzQrMDA6MDAkqEl6AAAAKHRFWHRkYXRlOnRpbWVzdGFtcAAyMDI1LTA5LTAyVDEyOjE2OjUzKzAwOjAwcHVfrAAAABx0RVh0cGRmOkF1dGhvcgBIw7xzZXlpbiBHw7Zrw6dlbiHJNzkAAABddEVYdHhtcDpDcmVhdG9yVG9vbABDYW52YSAoUmVuZGVyZXIpIGRvYz1EQUd4MUN6MXVBOCB1c2VyPVVBRDBna2gxREtBIGJyYW5kPUJBRDBna0lDSGZJIHRlbXBsYXRlPZyV9E4AAAAASUVORK5CYII=\" class=\"attachment-full size-full wd-lazy-load wd-lazy-fade\" alt=\"\" srcset=\"\" sizes=\"auto, (max-width: 680px) 100vw, 680px\" data-wood-src=\"https:\/\/asicasa-design.ro\/wp-content\/uploads\/2025\/09\/asicasa-apt-cover.png\" data-srcset=\"https:\/\/asicasa-design.ro\/wp-content\/uploads\/2025\/09\/asicasa-apt-cover.png 680w, https:\/\/asicasa-design.ro\/wp-content\/uploads\/2025\/09\/asicasa-apt-cover-300x124.png 300w, https:\/\/asicasa-design.ro\/wp-content\/uploads\/2025\/09\/asicasa-apt-cover-18x7.png 18w, https:\/\/asicasa-design.ro\/wp-content\/uploads\/2025\/09\/asicasa-apt-cover-150x62.png 150w\" \/>\n\t\t\t\t\t<\/div>\n\t\t\t\t<div id=\"wd-6998241d5cca5\" class=\"wd-text-block wd-wpb reset-last-child wd-rs-6998241d5cca5 text-left\">\n\t\t\t<p data-path-to-node=\"3\"><b data-path-to-node=\"3\" data-index-in-node=\"0\">DYO-Farben \u2013 Zuverl\u00e4ssige Qualit\u00e4t, langanhaltende Ergebnisse<\/b><\/p>\n<p data-path-to-node=\"4\">Die Wahl der richtigen Farbe ist entscheidend, um Ihr Zuhause, Ihr B\u00fcro oder Ihr Projekt zu verwandeln. In diesem Zusammenhang, <b data-path-to-node=\"4\" data-index-in-node=\"120\">Marke DYO<\/b> bietet Ihnen nicht nur Farbe, sondern auch <b data-path-to-node=\"4\" data-index-in-node=\"162\">Vertrauen, Qualit\u00e4t und Widerstandsf\u00e4higkeit<\/b>.<\/p>\n<p data-path-to-node=\"5\">Die in Fabriken mit modernster Technologie hergestellten DYO-Farben zeichnen sich durch ihre <b data-path-to-node=\"5\" data-index-in-node=\"91\">hohe Deckkraft<\/b>, <b data-path-to-node=\"5\" data-index-in-node=\"117\">einfache Anwendung<\/b> Und <b data-path-to-node=\"5\" data-index-in-node=\"136\">das urspr\u00fcngliche Aussehen \u00fcber lange Zeit beibehalten<\/b>. Diese Produkte sind nach national und international anerkannten Qualit\u00e4tsstandards zertifiziert und haben sich daher sowohl bei Profis als auch bei Heimanwendern als vertrauensw\u00fcrdige Wahl erwiesen.<\/p>\n<p data-path-to-node=\"6\"><b data-path-to-node=\"6\" data-index-in-node=\"0\">Warum sollte man sich f\u00fcr DIY entscheiden?<\/b><\/p>\n<ul data-path-to-node=\"7\">\n<li>\n<p data-path-to-node=\"7,0,0\">Moderne Produktionstechnologie nach h\u00f6chsten Standards<\/p>\n<\/li>\n<li>\n<p data-path-to-node=\"7,1,0\">Produkte mit internationaler Zertifizierungsgarantie<\/p>\n<\/li>\n<li>\n<p data-path-to-node=\"7,2,0\">Gro\u00dfe Farbauswahl und langanhaltende Ergebnisse<\/p>\n<\/li>\n<li>\n<p data-path-to-node=\"7,3,0\">L\u00f6sungen, die sich sowohl f\u00fcr dekorative als auch f\u00fcr professionelle Projekte eignen<\/p>\n<\/li>\n<\/ul>\n<p data-path-to-node=\"8\">Mit DYO-Farben ist jedes Projekt nicht nur pr\u00e4sent, sondern auch ein <b data-path-to-node=\"8\" data-index-in-node=\"69\">eine bessere Zukunft<\/b>.<\/p>\n\t\t<\/div>\n\t\t<\/div><\/div><\/div><\/div>\n<\/div>","protected":false},"excerpt":{"rendered":"<p><b>PARKETEX 15L Glanzlack f\u00fcr Parkett DYO<\/b>\u00a0Es handelt sich um einen einkomponentigen, auf Alkydharz basierenden Polyurethan-Parkettlack, der sich leicht auftragen l\u00e4sst.<\/p>\n<p><strong>Beschreibung PARKETEX 15L Glanzlack f\u00fcr Parkett DYO<\/strong><\/p>\n<p>Das Produkt zeichnet sich durch hervorragende Eigenschaften aus, wie z. B. besonderen Glanz und Kratzfestigkeit. Es bildet einen harten Film auf den behandelten Oberfl\u00e4chen und sch\u00fctzt so Parkett, Fu\u00dfb\u00f6den oder Mosaike vor Fett-, Kaffee- und Getr\u00e4nkeflecken.<\/p>\n<p><strong>Marke Dyo<\/strong><\/p>\n<p>Dyo ist eines der f\u00fchrenden Unternehmen der Farbenindustrie in der T\u00fcrkei. Die Geschichte\u00a0<u>Selbstgemacht<\/u>\u00a0Alles begann 1927 mit \u201eDurmu\u015f Ya\u015far M\u00fcessesesi\u201d in einem Farbenladen in \u0130zmir \u015eerit\u00e7iler \u00c7ar\u015f\u0131s\u0131. Unsere Farbenproduktion, die 1941 in diesem kleinen Laden startete, legte den Grundstein f\u00fcr unsere Pionierrolle in der Branche. 1954 gr\u00fcndeten Durmu\u015f Ya\u015far und seine S\u00f6hne Sel\u00e7uk Ya\u015far und Selman Ya\u015far die erste Farbenfabrik der T\u00fcrkei.<br \/>\nUnsere internationale T\u00e4tigkeit entwickelt sich hervorragend. In Zusammenarbeit mit unseren Gesch\u00e4ftspartnern bieten wir leistungsstarke Produkte in Asien, Europa und Afrika an. Wir exportieren derzeit in \u00fcber 40 L\u00e4nder und sind mit unserer Produktionsst\u00e4tte in Krasnodar, Russland, weiterhin auf dem russischen und osteurop\u00e4ischen Markt aktiv.<\/p>\n<p><b>ANWENDUNGSMETHODE<\/b><\/p>\n<p>F\u00fcr ein gutes Ergebnis m\u00fcssen die Oberfl\u00e4chen trocken und sauber sein. Gewachste Mosaik- oder Parkettfl\u00e4chen m\u00fcssen gr\u00fcndlich gereinigt werden. Unebenheiten oder Fugen zwischen den Parkettst\u00fccken werden mit einer Paste aus S\u00e4gemehl und Lack gef\u00fcllt. \u00dcbersch\u00fcssige Paste wird nach 24 Stunden abgeschliffen.<\/p>\n<p><i>Parketex-See\u00a0<\/i>Den Lack auf die f\u00fcr die Anwendung mit Pinsel oder Rolle erforderliche Viskosit\u00e4t vorbereiten und in 2\u20133 Schichten auftragen. Je nach Oberfl\u00e4che 5\u20136 Stunden zwischen den Schichten trocknen lassen. Um das Eindringen der ersten Schicht zu gew\u00e4hrleisten, wird 1 Liter Lack mit 100\u2013150 ml Dyo Sintetic Verd\u00fcnner verd\u00fcnnt. Verschmutzte, mit Parkettlack behandelte Oberfl\u00e4chen lassen sich problemlos mit Seifenwasser oder Reinigungsmittel reinigen.<\/p>\n<p><strong>Eigenschaften PARKETEX 15L Glanzlack f\u00fcr Parkett DYO<\/strong><\/p>\n<ul>\n<li><i><b>Trocknungszeit:<\/b><\/i>\u00a0Parketex-Lack trocknet in 2-3 Stunden. Nach 24 Stunden ist er ausgeh\u00e4rtet und kann betreten werden. Nach 3-4 Tagen erlangt er seine physikalische und chemische Best\u00e4ndigkeit;<\/li>\n<li><i><b>Abdeckungskapazit\u00e4t:<\/b><\/i>\u00a0Mit einem Liter Parketex-Lack lassen sich in einer einzigen Schicht mindestens 17-18 Quadratmeter bestreichen;<\/li>\n<li><i><b>Notiz:<\/b><\/i>\u00a0Mindestens 3 Jahre lang luftdicht verschlossen bei Raumtemperatur lagern.\u00a0<i><b>Auf Oberfl\u00e4chen mit einer Temperatur \u00fcber +5 \u00b0C anwenden.<\/b><\/i><\/li>\n<li><i><b>Verpackung:<\/b><\/i>\u00a015 L.<\/li>\n<\/ul>","protected":false},"featured_media":1162,"template":"","meta":[],"product_brand":[],"product_cat":[112],"product_tag":[],"class_list":{"0":"post-1161","1":"product","2":"type-product","3":"status-publish","4":"has-post-thumbnail","6":"product_cat-lacuri-si-baituri","8":"first","9":"instock","10":"taxable","11":"shipping-taxable","12":"purchasable","13":"product-type-simple"},"_links":{"self":[{"href":"https:\/\/asicasa-design.ro\/de\/wp-json\/wp\/v2\/product\/1161","targetHints":{"allow":["GET"]}}],"collection":[{"href":"https:\/\/asicasa-design.ro\/de\/wp-json\/wp\/v2\/product"}],"about":[{"href":"https:\/\/asicasa-design.ro\/de\/wp-json\/wp\/v2\/types\/product"}],"wp:featuredmedia":[{"embeddable":true,"href":"https:\/\/asicasa-design.ro\/de\/wp-json\/wp\/v2\/media\/1162"}],"wp:attachment":[{"href":"https:\/\/asicasa-design.ro\/de\/wp-json\/wp\/v2\/media?parent=1161"}],"wp:term":[{"taxonomy":"product_brand","embeddable":true,"href":"https:\/\/asicasa-design.ro\/de\/wp-json\/wp\/v2\/product_brand?post=1161"},{"taxonomy":"product_cat","embeddable":true,"href":"https:\/\/asicasa-design.ro\/de\/wp-json\/wp\/v2\/product_cat?post=1161"},{"taxonomy":"product_tag","embeddable":true,"href":"https:\/\/asicasa-design.ro\/de\/wp-json\/wp\/v2\/product_tag?post=1161"}],"curies":[{"name":"wp","href":"https:\/\/api.w.org\/{rel}","templated":true}]}}